{"version":"1.0","provider_name":"Mapa Obrz\u0119dowa","provider_url":"http:\/\/mapaobrzedowa.pl\/mapa","author_name":"wydarzenia","author_url":"http:\/\/mapaobrzedowa.pl\/mapa\/author\/wydarzenia\/","title":"Odpust ku czci \u015bw. Anny \/ L\u0119dziny - Mapa Obrz\u0119dowa","type":"rich","width":600,"height":338,"html":"<blockquote class=\"wp-embedded-content\" data-secret=\"zAeCBj2mEQ\"><a href=\"http:\/\/mapaobrzedowa.pl\/mapa\/odpust-ku-czci-sw-anny-ledziny\/\">Odpust ku czci \u015bw. Anny \/ L\u0119dziny<\/a><\/blockquote><iframe sandbox=\"allow-scripts\" security=\"restricted\" src=\"http:\/\/mapaobrzedowa.pl\/mapa\/odpust-ku-czci-sw-anny-ledziny\/embed\/#?secret=zAeCBj2mEQ\" width=\"600\" height=\"338\" title=\"&#8222;Odpust ku czci \u015bw. Anny \/ L\u0119dziny&#8221; &#8212; Mapa Obrz\u0119dowa\" data-secret=\"zAeCBj2mEQ\" frameborder=\"0\" marginwidth=\"0\" marginheight=\"0\" scrolling=\"no\" class=\"wp-embedded-content\"><\/iframe><script>\n\/*! This file is auto-generated *\/\n!function(d,l){\"use strict\";var e=!1,o=!1;if(l.querySelector)if(d.addEventListener)e=!0;if(d.wp=d.wp||{},!d.wp.receiveEmbedMessage)if(d.wp.receiveEmbedMessage=function(e){var t=e.data;if(t)if(t.secret||t.message||t.value)if(!\/[^a-zA-Z0-9]\/.test(t.secret)){for(var r,a,i,s=l.querySelectorAll('iframe[data-secret=\"'+t.secret+'\"]'),n=l.querySelectorAll('blockquote[data-secret=\"'+t.secret+'\"]'),o=new RegExp(\"^https?:$\",\"i\"),c=0;c<n.length;c++)n[c].style.display=\"none\";for(c=0;c<s.length;c++)if(r=s[c],e.source===r.contentWindow){if(r.removeAttribute(\"style\"),\"height\"===t.message){if(1e3<(i=parseInt(t.value,10)))i=1e3;else if(~~i<200)i=200;r.height=i}if(\"link\"===t.message)if(a=l.createElement(\"a\"),i=l.createElement(\"a\"),a.href=r.getAttribute(\"src\"),i.href=t.value,o.test(i.protocol))if(i.host===a.host)if(l.activeElement===r)d.top.location.href=t.value}}},e)d.addEventListener(\"message\",d.wp.receiveEmbedMessage,!1),l.addEventListener(\"DOMContentLoaded\",t,!1),d.addEventListener(\"load\",t,!1);function t(){if(!o){o=!0;for(var e,t,r,a=-1!==navigator.appVersion.indexOf(\"MSIE 10\"),i=!!navigator.userAgent.match(\/Trident.*rv:11\\.\/),s=l.querySelectorAll(\"iframe.wp-embedded-content\"),n=0;n<s.length;n++){if(!(r=(t=s[n]).getAttribute(\"data-secret\")))r=Math.random().toString(36).substr(2,10),t.src+=\"#?secret=\"+r,t.setAttribute(\"data-secret\",r);if(a||i)(e=t.cloneNode(!0)).removeAttribute(\"security\"),t.parentNode.replaceChild(e,t);t.contentWindow.postMessage({message:\"ready\",secret:r},\"*\")}}}}(window,document);\n<\/script>\n","thumbnail_url":"https:\/\/mapaobrzedowa.pl\/mapa\/wp-content\/uploads\/2020\/08\/RG-2020-2.jpg","thumbnail_width":800,"thumbnail_height":533,"description":"W Ko\u015bciele katolickim wspomnienie liturgiczne \u015bwi\u0119tej Anny obchodzone jest 26 lipca. Wa\u017cnym elementem uroczystej mszy \u015bwi\u0119tej, jest procesja wiernych wok\u00f3\u0142 \u015bwi\u0105tyni oraz b\u0142ogos\u0142awie\u0144stwo Naj\u015bwi\u0119tszym Sakramentem, kt\u00f3rego udziela kap\u0142an. Po sko\u0144czonym nabo\u017ce\u0144stwie, mieszka\u0144cy udaj\u0105 si\u0119 na stoj\u0105ce w pobli\u017cu ko\u015bcio\u0142a stragany, by odpustowe s\u0142odycze np. makrony, pierniki, kokosanki oraz zabawki dla dzieci. Murowany ko\u015bci\u00f3\u0142 pw. \u015bw. [&hellip;]"}